{"id":1777,"date":"2017-10-06T15:33:21","date_gmt":"2017-10-06T14:33:21","guid":{"rendered":"http:\/\/www.rougier-atelier.com\/?post_type=product&#038;p=1777"},"modified":"2017-10-06T15:33:21","modified_gmt":"2017-10-06T14:33:21","slug":"la-signature-du-temps","status":"publish","type":"product","link":"http:\/\/www.rougier-atelier.com\/?product=la-signature-du-temps","title":{"rendered":"LA SIGNATURE DU TEMPS"},"content":{"rendered":"<p>Annie Dana a le don des formules saisissantes, comme celle du titre,<span style=\"color: #0000ff;\"><em> La Signature du temps<\/em><\/span>, pour oser de nouvelles variations sur un lieu commun : le temps. Lequel peut \u00eatre une b\u00eate f\u00e9roce, hyperbole de violence et de douceur qui conduit au \u00ab ravin des ab\u00eemes \u00bb. Il accompagne les phases de la vie, \u00ab paysages engloutis de l\u2019enfance \u00bb, attente de l\u2019adolescence quand \u00ab il fallait doucement\/ sans bruit\/ d\u00e9nouer ses r\u00eaves \u00bb, jusqu\u2019au d\u00e9tachement de \u00ab l\u2019ultime escale \u00bb. Le temps s\u2019associe aux lieux divers, temps sans r\u00e9pit des villes, ou \u00ab heure \u00e9toil\u00e9e de la gr\u00e2ce \u00bb, car le temps n\u2019est pas seulement une puissance n\u00e9faste, synonyme de gaspillage ou d\u2019\u00e9parpillement. Il se vit aussi dans \u00ab les intervalles entre les instants \u00bb ou dans \u00ab l\u2019entretien sans mesure \u00bb. Lisons et relisons sans ennui cette m\u00e9ditation en vers o\u00f9 s\u2019\u00e9vade l\u2019esprit. Marc Kober<\/p>\n<p><span style=\"color: #0000ff;\">Extrait<\/span> :<\/p>\n<p>\u00c9lastique est le temps<\/p>\n<p>de la m\u00e9moire<\/p>\n<p>tant\u00f4t \u00e9tir\u00e9<\/p>\n<p>retenu de se rompre<\/p>\n<p>et qui porte la nostalgie<\/p>\n<p>des heures \u00e9blouies<\/p>\n<p>qu\u2019on voudrait retenir \u00e0 jamais<\/p>\n","protected":false},"excerpt":{"rendered":"<p>PU47 &#8211; Aut.: <span style=\"color: #0000ff;\">ANNIE DANA<\/span> &#8211; ill.4 gravures de V.Rougier<\/p>\n<p>ISBN 979-10-93019-37-6 \u00a0&#8211; <em>Po\u00e9sies du regard<\/em><\/p>\n<p>Livre broch\u00e9 en jaquette, 300 ex.\u00a0num\u00e9rot\u00e9s &#8211; 48 p., 10.5 x 15 cm, papier Clairefontaine et verg\u00e9 Collora-book.<\/p>\n","protected":false},"featured_media":1778,"template":"","meta":[],"product_brand":[],"product_cat":[16,17],"product_tag":[494,415,495,498,497,496],"class_list":{"0":"post-1777","1":"product","2":"type-product","3":"status-publish","4":"has-post-thumbnail","6":"product_cat-les-editions","7":"product_cat-plis-urgents","8":"product_tag-494","9":"product_tag-annie-dana","10":"product_tag-la-signature-du-temps","11":"product_tag-plis-urgent-47","12":"product_tag-poesies-du-regard","13":"product_tag-v-rougier","15":"first","16":"instock","17":"shipping-taxable","18":"purchasable","19":"product-type-simple"},"_links":{"self":[{"href":"http:\/\/www.rougier-atelier.com\/index.php?rest_route=\/wp\/v2\/product\/1777","targetHints":{"allow":["GET"]}}],"collection":[{"href":"http:\/\/www.rougier-atelier.com\/index.php?rest_route=\/wp\/v2\/product"}],"about":[{"href":"http:\/\/www.rougier-atelier.com\/index.php?rest_route=\/wp\/v2\/types\/product"}],"wp:featuredmedia":[{"embeddable":true,"href":"http:\/\/www.rougier-atelier.com\/index.php?rest_route=\/wp\/v2\/media\/1778"}],"wp:attachment":[{"href":"http:\/\/www.rougier-atelier.com\/index.php?rest_route=%2Fwp%2Fv2%2Fmedia&parent=1777"}],"wp:term":[{"taxonomy":"product_brand","embeddable":true,"href":"http:\/\/www.rougier-atelier.com\/index.php?rest_route=%2Fwp%2Fv2%2Fproduct_brand&post=1777"},{"taxonomy":"product_cat","embeddable":true,"href":"http:\/\/www.rougier-atelier.com\/index.php?rest_route=%2Fwp%2Fv2%2Fproduct_cat&post=1777"},{"taxonomy":"product_tag","embeddable":true,"href":"http:\/\/www.rougier-atelier.com\/index.php?rest_route=%2Fwp%2Fv2%2Fproduct_tag&post=1777"}],"curies":[{"name":"wp","href":"https:\/\/api.w.org\/{rel}","templated":true}]}}